{"id":1334,"date":"2026-08-31T18:23:46","date_gmt":"2026-08-31T16:23:46","guid":{"rendered":"https:\/\/frankfurt-lab.de\/?post_type=events&#038;p=1334"},"modified":"2026-09-01T17:22:27","modified_gmt":"2026-09-01T15:22:27","slug":"epoche-f-international","status":"publish","type":"events","link":"https:\/\/frankfurt-lab.de\/einfach\/events\/epoche-f-international\/","title":{"rendered":"Epoche f international"},"content":{"rendered":"<p>Der\u00a0 Meisterkurs \u201cepoche_f international\u201d des Ensemble Modern ist zu Gast beim F\u00b0LAB Festival. Jedes Jahr erhalten \u00fcber 20 junge Preistr\u00e4ger*innen nationaler und internationaler Jugend-Musikwettbewerbe im Alter von 14-24 Jahren die M\u00f6glichkeit, sich im Bereich der zeitgen\u00f6ssischen Musik weiterzuentwickeln. Hierf\u00fcr arbeiten sie eine Woche lang in der Landesmusikakademie Niedersachsen in Wolfenb\u00fcttel mit den Musiker*innen des Ensemble Modern zusammen, die ihnen als Dozent*innen ihre Erfahrung im Bereich der zeitgen\u00f6ssischen Musik vermitteln.<\/p>\n<p>Die jungen Nachwuchstalente arbeiten unter anderem an St\u00fccken von George Benjamin, Anton Webern und Edgar Var\u00e8se sowie an einem Konzeptst\u00fcck von Ensemble Modern-Pianist Herrmann Kretschmar. Die Ergebnisse dieser intensiven Probenarbeit werden in diesem Jahr unter der Leitung des renommierten Dirigenten Michael Wendeberg neben dem Auftritt beim F\u00b0LAB Festival in Frankfurt auch in Wolfenb\u00fcttel und Linz pr\u00e4sentiert.<\/p>\n","protected":false},"featured_media":1330,"template":"","meta":{"_acf_changed":false,"inline_featured_image":false},"class_list":["post-1334","events","type-events","status-publish","has-post-thumbnail","hentry"],"acf":[],"_links":{"self":[{"href":"https:\/\/frankfurt-lab.de\/einfach\/wp-json\/wp\/v2\/events\/1334","targetHints":{"allow":["GET"]}}],"collection":[{"href":"https:\/\/frankfurt-lab.de\/einfach\/wp-json\/wp\/v2\/events"}],"about":[{"href":"https:\/\/frankfurt-lab.de\/einfach\/wp-json\/wp\/v2\/types\/events"}],"wp:featuredmedia":[{"embeddable":true,"href":"https:\/\/frankfurt-lab.de\/einfach\/wp-json\/wp\/v2\/media\/1330"}],"wp:attachment":[{"href":"https:\/\/frankfurt-lab.de\/einfach\/wp-json\/wp\/v2\/media?parent=1334"}],"curies":[{"name":"wp","href":"https:\/\/api.w.org\/{rel}","templated":true}]}}